{"id":33,"date":"2021-03-01T16:55:21","date_gmt":"2021-03-01T16:55:21","guid":{"rendered":"https:\/\/seeblick.gpdcenter.com\/?page_id=33"},"modified":"2025-04-05T10:22:26","modified_gmt":"2025-04-05T08:22:26","slug":"anfahrt","status":"publish","type":"page","link":"https:\/\/www.seeblick-langenargen.de\/index.php\/anfahrt\/","title":{"rendered":"Anfahrt"},"content":{"rendered":"\t\t<div data-elementor-type=\"wp-page\" data-elementor-id=\"33\" class=\"elementor elementor-33\">\n\t\t\t\t\t\t<section class=\"elementor-section elementor-top-section elementor-element elementor-element-936c7f5 elementor-section-boxed elementor-section-height-default elementor-section-height-default qodef-elementor-content-no\" data-id=\"936c7f5\" data-element_type=\"section\">\n\t\t\t\t\t\t<div class=\"elementor-container elementor-column-gap-default\">\n\t\t\t\t\t<div class=\"elementor-column elementor-col-100 elementor-top-column elementor-element elementor-element-aec90cc\" data-id=\"aec90cc\" data-element_type=\"column\">\n\t\t\t<div class=\"elementor-widget-wrap elementor-element-populated\">\n\t\t\t\t\t\t<div class=\"elementor-element elementor-element-55701ad elementor-widget elementor-widget-heading\" data-id=\"55701ad\" data-element_type=\"widget\" data-widget_type=\"heading.default\">\n\t\t\t\t<div class=\"elementor-widget-container\">\n\t\t\t<h2 class=\"elementor-heading-title elementor-size-default\">Anreise<\/h2>\t\t<\/div>\n\t\t\t\t<\/div>\n\t\t\t\t<div class=\"elementor-element elementor-element-f755e95 elementor-widget elementor-widget-google_maps\" data-id=\"f755e95\" data-element_type=\"widget\" data-widget_type=\"google_maps.default\">\n\t\t\t\t<div class=\"elementor-widget-container\">\n\t\t\t\t\t<div class=\"elementor-custom-embed\">\n\t\t\t<iframe loading=\"lazy\"\n\t\t\t\t\tsrc=\"https:\/\/maps.google.com\/maps?q=G%C3%A4stehaus%20Seeblick%2C%20Obere%20Seestra%C3%9Fe%2018%2C%20Langenargen%2C%20Deutschland&#038;t=m&#038;z=10&#038;output=embed&#038;iwloc=near\"\n\t\t\t\t\ttitle=\"G\u00e4stehaus Seeblick, Obere Seestra\u00dfe 18, Langenargen, Deutschland\"\n\t\t\t\t\taria-label=\"G\u00e4stehaus Seeblick, Obere Seestra\u00dfe 18, Langenargen, Deutschland\"\n\t\t\t><\/iframe>\n\t\t<\/div>\n\t\t\t\t<\/div>\n\t\t\t\t<\/div>\n\t\t\t\t<section class=\"elementor-section elementor-inner-section elementor-element elementor-element-9dd9454 elementor-section-boxed elementor-section-height-default elementor-section-height-default qodef-elementor-content-no\" data-id=\"9dd9454\" data-element_type=\"section\">\n\t\t\t\t\t\t<div class=\"elementor-container elementor-column-gap-default\">\n\t\t\t\t\t<div class=\"elementor-column elementor-col-50 elementor-inner-column elementor-element elementor-element-bed5831\" data-id=\"bed5831\" data-element_type=\"column\">\n\t\t\t<div class=\"elementor-widget-wrap elementor-element-populated\">\n\t\t\t\t\t\t<div class=\"elementor-element elementor-element-cf6f68f elementor-widget elementor-widget-text-editor\" data-id=\"cf6f68f\" data-element_type=\"widget\" data-widget_type=\"text-editor.default\">\n\t\t\t\t<div class=\"elementor-widget-container\">\n\t\t\t\t\t\t\t<p>F\u00fcr Anreisen mit dem Fahrzeug: Von der Autobahn A98 Stockach auf die B31 nach Lindau \u00fcber Friedrischhafen, bei Eriskirch, die erste Abfahrt nach Langenargen nehmen. Von der Autobahn A96 Lindau auf die B31 nach Friedrichshafen, bei Oberdorf die Abfahrt nach Langenargen nehmen. In Langenargen biegen Sie von der Eisenbahnstra\u00dfe am Bahnhof in die Bahnhofsstra\u00dfe ein und fahren Richtung See &#8211; am Ende der Stra\u00dfe biegen Sie links ab in die Obere Seestra\u00dfe. Gleich auf der rechten Seite befindet sich unser Haus. Zum Be- und Einladen steht am Haus ein PKW Platz zur Verf\u00fcgung.\u00a0\u00a0<\/p>\t\t\t\t\t\t<\/div>\n\t\t\t\t<\/div>\n\t\t\t\t\t<\/div>\n\t\t<\/div>\n\t\t\t\t<div class=\"elementor-column elementor-col-50 elementor-inner-column elementor-element elementor-element-3478602\" data-id=\"3478602\" data-element_type=\"column\">\n\t\t\t<div class=\"elementor-widget-wrap elementor-element-populated\">\n\t\t\t\t\t\t<div class=\"elementor-element elementor-element-71a33fd elementor-widget elementor-widget-text-editor\" data-id=\"71a33fd\" data-element_type=\"widget\" data-widget_type=\"text-editor.default\">\n\t\t\t\t<div class=\"elementor-widget-container\">\n\t\t\t\t\t\t\t<p><b>Parkpl\u00e4tze:<\/b> \u00d6ffentliche Tiefgarage gegen\u00fcber Schlo\u00df Montfort 14,&#8211; Euro pro Tag. Parkschein Abrechnung \u00fcber Hotelrechnung. (steht in der Saison 2025 wegen Sanierung nicht zur Verf\u00fcgung).\u00a0\u00a0<a href=\"https:\/\/www.tourismus-langenargen.de\/planen-buchen\/infrastruktur\/parken\"><span style=\"text-decoration: underline;\">Hier k\u00f6nnen Sie sich \u00fcber die \u00f6ffentlichen Parkpl\u00e4tze in der Gemeinde informieren<\/span>.<\/a><\/p><p><b>Zugreisen:<\/b> Schonen Sie die Umwelt und reisen Sie mit dem Zug an. Die Neubaustrecke Stuttgart-Ulm sowie die Elektrifizierung der Bodensee G\u00fcrtelbahn bietet neue <span style=\"text-decoration: underline;\"><a href=\"https:\/\/www.echt-bodensee.de\/planen\/anreise\/zug\">Verbindungsm\u00f6glichkeiten<\/a><\/span>. Mit der echt-Bodensee G\u00e4stekarte sind die \u00f6ffentlichen Verkehrsmittel im <u><a href=\"https:\/\/www.bodo.de\/fileadmin\/redakteur\/pdf\/Info-PDF\/bodo_Linienplan.pdf\">bodo Gebiet<\/a><\/u> inklusive. Hier sind weitere Informationen zum <span style=\"text-decoration: underline;\"><a href=\"https:\/\/www.bodo.de\/\">Verkehrsverbund<\/a><\/span> sowie dem <u><a href=\"https:\/\/s-bahn-bodensee.com\/fileadmin\/user_upload\/Netzplan\/20241215_S-Bahn-Bodensee-RV-A3-251-SID.pdf\">grenz\u00fcbergreifenden Streckennetz<\/a><\/u> am Bodensee.<\/p>\t\t\t\t\t\t<\/div>\n\t\t\t\t<\/div>\n\t\t\t\t\t<\/div>\n\t\t<\/div>\n\t\t\t\t\t<\/div>\n\t\t<\/section>\n\t\t\t\t\t<\/div>\n\t\t<\/div>\n\t\t\t\t\t<\/div>\n\t\t<\/section>\n\t\t\t\t<section class=\"elementor-section elementor-top-section elementor-element elementor-element-9144125 elementor-section-boxed elementor-section-height-default elementor-section-height-default qodef-elementor-content-no\" data-id=\"9144125\" data-element_type=\"section\">\n\t\t\t\t\t\t<div class=\"elementor-container elementor-column-gap-default\">\n\t\t\t\t\t<div class=\"elementor-column elementor-col-100 elementor-top-column elementor-element elementor-element-f194c4d\" data-id=\"f194c4d\" data-element_type=\"column\">\n\t\t\t<div class=\"elementor-widget-wrap elementor-element-populated\">\n\t\t\t\t\t\t<div class=\"elementor-element elementor-element-76d0e84 elementor-widget elementor-widget-image\" data-id=\"76d0e84\" data-element_type=\"widget\" data-widget_type=\"image.default\">\n\t\t\t\t<div class=\"elementor-widget-container\">\n\t\t\t\t\t\t\t\t\t\t<figure class=\"wp-caption\">\n\t\t\t\t\t\t\t\t\t\t<img fetchpriority=\"high\" decoding=\"async\" width=\"853\" height=\"1024\" src=\"https:\/\/www.seeblick-langenargen.de\/wp-content\/uploads\/2025\/04\/Karte_Bahnverbindungen2024-960x1152-1-853x1024.png\" class=\"attachment-large size-large wp-image-6964\" alt=\"\" srcset=\"https:\/\/www.seeblick-langenargen.de\/wp-content\/uploads\/2025\/04\/Karte_Bahnverbindungen2024-960x1152-1-853x1024.png 853w, https:\/\/www.seeblick-langenargen.de\/wp-content\/uploads\/2025\/04\/Karte_Bahnverbindungen2024-960x1152-1-250x300.png 250w, https:\/\/www.seeblick-langenargen.de\/wp-content\/uploads\/2025\/04\/Karte_Bahnverbindungen2024-960x1152-1-768x922.png 768w, https:\/\/www.seeblick-langenargen.de\/wp-content\/uploads\/2025\/04\/Karte_Bahnverbindungen2024-960x1152-1-600x720.png 600w, https:\/\/www.seeblick-langenargen.de\/wp-content\/uploads\/2025\/04\/Karte_Bahnverbindungen2024-960x1152-1.png 960w\" sizes=\"(max-width: 853px) 100vw, 853px\" \/>\t\t\t\t\t\t\t\t\t\t\t<figcaption class=\"widget-image-caption wp-caption-text\">Zugstrecken zum Bodensee<\/figcaption>\n\t\t\t\t\t\t\t\t\t\t<\/figure>\n\t\t\t\t\t\t\t<\/div>\n\t\t\t\t<\/div>\n\t\t\t\t\t<\/div>\n\t\t<\/div>\n\t\t\t\t\t<\/div>\n\t\t<\/section>\n\t\t\t\t<\/div>\n\t\t","protected":false},"excerpt":{"rendered":"<p>Anreise F\u00fcr Anreisen mit dem Fahrzeug: Von der Autobahn A98 Stockach auf die B31 nach Lindau \u00fcber Friedrischhafen, bei Eriskirch, die erste Abfahrt nach Langenargen nehmen. Von der Autobahn A96 Lindau auf die B31 nach Friedrichshafen, bei Oberdorf die Abfahrt nach Langenargen nehmen. In Langenargen biegen Sie von der Eisenbahnstra\u00dfe am Bahnhof in die Bahnhofsstra\u00dfe [&hellip;]<\/p>\n","protected":false},"author":1,"featured_media":0,"parent":0,"menu_order":0,"comment_status":"closed","ping_status":"closed","template":"","meta":{"footnotes":""},"yoast_head":"<!-- This site is optimized with the Yoast SEO plugin v22.8 - https:\/\/yoast.com\/wordpress\/plugins\/seo\/ -->\n<title>Anfahrt - G\u00e4stehaus Seeblick Langenargen<\/title>\n<meta name=\"robots\" content=\"index, follow, max-snippet:-1, max-image-preview:large, max-video-preview:-1\" \/>\n<link rel=\"canonical\" href=\"https:\/\/www.seeblick-langenargen.de\/index.php\/anfahrt\/\" \/>\n<meta property=\"og:locale\" content=\"de_DE\" \/>\n<meta property=\"og:type\" content=\"article\" \/>\n<meta property=\"og:title\" content=\"Anfahrt - G\u00e4stehaus Seeblick Langenargen\" \/>\n<meta property=\"og:description\" content=\"Anreise F\u00fcr Anreisen mit dem Fahrzeug: Von der Autobahn A98 Stockach auf die B31 nach Lindau \u00fcber Friedrischhafen, bei Eriskirch, die erste Abfahrt nach Langenargen nehmen. Von der Autobahn A96 Lindau auf die B31 nach Friedrichshafen, bei Oberdorf die Abfahrt nach Langenargen nehmen. In Langenargen biegen Sie von der Eisenbahnstra\u00dfe am Bahnhof in die Bahnhofsstra\u00dfe [&hellip;]\" \/>\n<meta property=\"og:url\" content=\"https:\/\/www.seeblick-langenargen.de\/index.php\/anfahrt\/\" \/>\n<meta property=\"og:site_name\" content=\"G\u00e4stehaus Seeblick Langenargen\" \/>\n<meta property=\"article:modified_time\" content=\"2025-04-05T08:22:26+00:00\" \/>\n<meta property=\"og:image\" content=\"https:\/\/www.seeblick-langenargen.de\/wp-content\/uploads\/2025\/04\/Karte_Bahnverbindungen2024-960x1152-1-853x1024.png\" \/>\n<meta name=\"twitter:card\" content=\"summary_large_image\" \/>\n<meta name=\"twitter:label1\" content=\"Gesch\u00e4tzte Lesezeit\" \/>\n\t<meta name=\"twitter:data1\" content=\"2 Minuten\" \/>\n<script type=\"application\/ld+json\" class=\"yoast-schema-graph\">{\"@context\":\"https:\/\/schema.org\",\"@graph\":[{\"@type\":\"WebPage\",\"@id\":\"https:\/\/www.seeblick-langenargen.de\/index.php\/anfahrt\/\",\"url\":\"https:\/\/www.seeblick-langenargen.de\/index.php\/anfahrt\/\",\"name\":\"Anfahrt - G\u00e4stehaus Seeblick Langenargen\",\"isPartOf\":{\"@id\":\"https:\/\/www.seeblick-langenargen.de\/#website\"},\"primaryImageOfPage\":{\"@id\":\"https:\/\/www.seeblick-langenargen.de\/index.php\/anfahrt\/#primaryimage\"},\"image\":{\"@id\":\"https:\/\/www.seeblick-langenargen.de\/index.php\/anfahrt\/#primaryimage\"},\"thumbnailUrl\":\"https:\/\/www.seeblick-langenargen.de\/wp-content\/uploads\/2025\/04\/Karte_Bahnverbindungen2024-960x1152-1-853x1024.png\",\"datePublished\":\"2021-03-01T16:55:21+00:00\",\"dateModified\":\"2025-04-05T08:22:26+00:00\",\"breadcrumb\":{\"@id\":\"https:\/\/www.seeblick-langenargen.de\/index.php\/anfahrt\/#breadcrumb\"},\"inLanguage\":\"de-DE\",\"potentialAction\":[{\"@type\":\"ReadAction\",\"target\":[\"https:\/\/www.seeblick-langenargen.de\/index.php\/anfahrt\/\"]}]},{\"@type\":\"ImageObject\",\"inLanguage\":\"de-DE\",\"@id\":\"https:\/\/www.seeblick-langenargen.de\/index.php\/anfahrt\/#primaryimage\",\"url\":\"https:\/\/www.seeblick-langenargen.de\/wp-content\/uploads\/2025\/04\/Karte_Bahnverbindungen2024-960x1152-1.png\",\"contentUrl\":\"https:\/\/www.seeblick-langenargen.de\/wp-content\/uploads\/2025\/04\/Karte_Bahnverbindungen2024-960x1152-1.png\",\"width\":960,\"height\":1152},{\"@type\":\"BreadcrumbList\",\"@id\":\"https:\/\/www.seeblick-langenargen.de\/index.php\/anfahrt\/#breadcrumb\",\"itemListElement\":[{\"@type\":\"ListItem\",\"position\":1,\"name\":\"Startseite\",\"item\":\"https:\/\/www.seeblick-langenargen.de\/\"},{\"@type\":\"ListItem\",\"position\":2,\"name\":\"Anfahrt\"}]},{\"@type\":\"WebSite\",\"@id\":\"https:\/\/www.seeblick-langenargen.de\/#website\",\"url\":\"https:\/\/www.seeblick-langenargen.de\/\",\"name\":\"G\u00e4stehaus Seeblick Langenargen\",\"description\":\"G\u00e4stehaus in Langenargen am Bodensee\",\"publisher\":{\"@id\":\"https:\/\/www.seeblick-langenargen.de\/#organization\"},\"potentialAction\":[{\"@type\":\"SearchAction\",\"target\":{\"@type\":\"EntryPoint\",\"urlTemplate\":\"https:\/\/www.seeblick-langenargen.de\/?s={search_term_string}\"},\"query-input\":\"required name=search_term_string\"}],\"inLanguage\":\"de-DE\"},{\"@type\":\"Organization\",\"@id\":\"https:\/\/www.seeblick-langenargen.de\/#organization\",\"name\":\"G\u00e4stehaus Seeblick\",\"url\":\"https:\/\/www.seeblick-langenargen.de\/\",\"logo\":{\"@type\":\"ImageObject\",\"inLanguage\":\"de-DE\",\"@id\":\"https:\/\/www.seeblick-langenargen.de\/#\/schema\/logo\/image\/\",\"url\":\"https:\/\/www.seeblick-langenargen.de\/wp-content\/uploads\/2021\/03\/474567efc6584080504dbd6a954a21e6.jpg\",\"contentUrl\":\"https:\/\/www.seeblick-langenargen.de\/wp-content\/uploads\/2021\/03\/474567efc6584080504dbd6a954a21e6.jpg\",\"width\":688,\"height\":422,\"caption\":\"G\u00e4stehaus Seeblick\"},\"image\":{\"@id\":\"https:\/\/www.seeblick-langenargen.de\/#\/schema\/logo\/image\/\"}}]}<\/script>\n<!-- \/ Yoast SEO plugin. -->","yoast_head_json":{"title":"Anfahrt - G\u00e4stehaus Seeblick Langenargen","robots":{"index":"index","follow":"follow","max-snippet":"max-snippet:-1","max-image-preview":"max-image-preview:large","max-video-preview":"max-video-preview:-1"},"canonical":"https:\/\/www.seeblick-langenargen.de\/index.php\/anfahrt\/","og_locale":"de_DE","og_type":"article","og_title":"Anfahrt - G\u00e4stehaus Seeblick Langenargen","og_description":"Anreise F\u00fcr Anreisen mit dem Fahrzeug: Von der Autobahn A98 Stockach auf die B31 nach Lindau \u00fcber Friedrischhafen, bei Eriskirch, die erste Abfahrt nach Langenargen nehmen. Von der Autobahn A96 Lindau auf die B31 nach Friedrichshafen, bei Oberdorf die Abfahrt nach Langenargen nehmen. In Langenargen biegen Sie von der Eisenbahnstra\u00dfe am Bahnhof in die Bahnhofsstra\u00dfe [&hellip;]","og_url":"https:\/\/www.seeblick-langenargen.de\/index.php\/anfahrt\/","og_site_name":"G\u00e4stehaus Seeblick Langenargen","article_modified_time":"2025-04-05T08:22:26+00:00","og_image":[{"url":"https:\/\/www.seeblick-langenargen.de\/wp-content\/uploads\/2025\/04\/Karte_Bahnverbindungen2024-960x1152-1-853x1024.png"}],"twitter_card":"summary_large_image","twitter_misc":{"Gesch\u00e4tzte Lesezeit":"2 Minuten"},"schema":{"@context":"https:\/\/schema.org","@graph":[{"@type":"WebPage","@id":"https:\/\/www.seeblick-langenargen.de\/index.php\/anfahrt\/","url":"https:\/\/www.seeblick-langenargen.de\/index.php\/anfahrt\/","name":"Anfahrt - G\u00e4stehaus Seeblick Langenargen","isPartOf":{"@id":"https:\/\/www.seeblick-langenargen.de\/#website"},"primaryImageOfPage":{"@id":"https:\/\/www.seeblick-langenargen.de\/index.php\/anfahrt\/#primaryimage"},"image":{"@id":"https:\/\/www.seeblick-langenargen.de\/index.php\/anfahrt\/#primaryimage"},"thumbnailUrl":"https:\/\/www.seeblick-langenargen.de\/wp-content\/uploads\/2025\/04\/Karte_Bahnverbindungen2024-960x1152-1-853x1024.png","datePublished":"2021-03-01T16:55:21+00:00","dateModified":"2025-04-05T08:22:26+00:00","breadcrumb":{"@id":"https:\/\/www.seeblick-langenargen.de\/index.php\/anfahrt\/#breadcrumb"},"inLanguage":"de-DE","potentialAction":[{"@type":"ReadAction","target":["https:\/\/www.seeblick-langenargen.de\/index.php\/anfahrt\/"]}]},{"@type":"ImageObject","inLanguage":"de-DE","@id":"https:\/\/www.seeblick-langenargen.de\/index.php\/anfahrt\/#primaryimage","url":"https:\/\/www.seeblick-langenargen.de\/wp-content\/uploads\/2025\/04\/Karte_Bahnverbindungen2024-960x1152-1.png","contentUrl":"https:\/\/www.seeblick-langenargen.de\/wp-content\/uploads\/2025\/04\/Karte_Bahnverbindungen2024-960x1152-1.png","width":960,"height":1152},{"@type":"BreadcrumbList","@id":"https:\/\/www.seeblick-langenargen.de\/index.php\/anfahrt\/#breadcrumb","itemListElement":[{"@type":"ListItem","position":1,"name":"Startseite","item":"https:\/\/www.seeblick-langenargen.de\/"},{"@type":"ListItem","position":2,"name":"Anfahrt"}]},{"@type":"WebSite","@id":"https:\/\/www.seeblick-langenargen.de\/#website","url":"https:\/\/www.seeblick-langenargen.de\/","name":"G\u00e4stehaus Seeblick Langenargen","description":"G\u00e4stehaus in Langenargen am Bodensee","publisher":{"@id":"https:\/\/www.seeblick-langenargen.de\/#organization"},"potentialAction":[{"@type":"SearchAction","target":{"@type":"EntryPoint","urlTemplate":"https:\/\/www.seeblick-langenargen.de\/?s={search_term_string}"},"query-input":"required name=search_term_string"}],"inLanguage":"de-DE"},{"@type":"Organization","@id":"https:\/\/www.seeblick-langenargen.de\/#organization","name":"G\u00e4stehaus Seeblick","url":"https:\/\/www.seeblick-langenargen.de\/","logo":{"@type":"ImageObject","inLanguage":"de-DE","@id":"https:\/\/www.seeblick-langenargen.de\/#\/schema\/logo\/image\/","url":"https:\/\/www.seeblick-langenargen.de\/wp-content\/uploads\/2021\/03\/474567efc6584080504dbd6a954a21e6.jpg","contentUrl":"https:\/\/www.seeblick-langenargen.de\/wp-content\/uploads\/2021\/03\/474567efc6584080504dbd6a954a21e6.jpg","width":688,"height":422,"caption":"G\u00e4stehaus Seeblick"},"image":{"@id":"https:\/\/www.seeblick-langenargen.de\/#\/schema\/logo\/image\/"}}]}},"_links":{"self":[{"href":"https:\/\/www.seeblick-langenargen.de\/index.php\/wp-json\/wp\/v2\/pages\/33"}],"collection":[{"href":"https:\/\/www.seeblick-langenargen.de\/index.php\/wp-json\/wp\/v2\/pages"}],"about":[{"href":"https:\/\/www.seeblick-langenargen.de\/index.php\/wp-json\/wp\/v2\/types\/page"}],"author":[{"embeddable":true,"href":"https:\/\/www.seeblick-langenargen.de\/index.php\/wp-json\/wp\/v2\/users\/1"}],"replies":[{"embeddable":true,"href":"https:\/\/www.seeblick-langenargen.de\/index.php\/wp-json\/wp\/v2\/comments?post=33"}],"version-history":[{"count":36,"href":"https:\/\/www.seeblick-langenargen.de\/index.php\/wp-json\/wp\/v2\/pages\/33\/revisions"}],"predecessor-version":[{"id":6974,"href":"https:\/\/www.seeblick-langenargen.de\/index.php\/wp-json\/wp\/v2\/pages\/33\/revisions\/6974"}],"wp:attachment":[{"href":"https:\/\/www.seeblick-langenargen.de\/index.php\/wp-json\/wp\/v2\/media?parent=33"}],"curies":[{"name":"wp","href":"https:\/\/api.w.org\/{rel}","templated":true}]}}